
{"id":16,"date":"2018-12-21T07:12:26","date_gmt":"2018-12-21T07:12:26","guid":{"rendered":"http:\/\/a2archis.fr\/?page_id=16"},"modified":"2023-12-20T13:42:11","modified_gmt":"2023-12-20T13:42:11","slug":"equipe","status":"publish","type":"page","link":"https:\/\/a2architectes.fr\/index.php\/equipe\/","title":{"rendered":"EQUIPE"},"content":{"rendered":"[vc_row fullwidth=\u00a0\u00bbtrue\u00a0\u00bb el_class=\u00a0\u00bbmap\u00a0\u00bb][vc_column][vc_raw_html]JTNDJTIxLS0lM0NkaXYlMjBzdHlsZSUzRCUyMnBvc2l0aW9uJTNBJTIwYWJzb2x1dGUlM0IlMjB0b3AlM0ElMjAwcHglM0IlMjBsZWZ0JTNBJTIwMHB4JTNCJTIwaGVpZ2h0JTNBJTIwNDgwcHglM0IlMjB3aWR0aCUzQSUyMDEwMHZ3JTNCJTIwei1pbmRleCUzQSUyMC0xJTIyJTIwaWQlM0QlMjJtYXBDb250cm9sbGVyJTIyJTNFJTBBJTNDcCUzRVJlc3RleiUyMGFwcHV5JUMzJUE5JTIwc3VyJTIwQ3RybCUyMHBvdXIlMjBpbnQlQzMlQTlyYWdpciUyMGF2ZWMlMjBsYSUyMGNhcnRlJTNDJTJGcCUzRSUwQSUzQyUyRmRpdiUzRSUwQSUzQ2lmcmFtZSUyMGlkJTNEJTIybWFwJTIyJTIwc3JjJTNEJTIyaHR0cHMlM0ElMkYlMkZ3d3cuZ29vZ2xlLmNvbSUyRm1hcHMlMkZkJTJGZW1iZWQlM0ZtaWQlM0QxTmJDYjdfZUFNZmMwbmx1bUktUl9YNUdMeVdCSlh1VTMlMjIlMjBzdHlsZSUzRCUyMnotaW5kZXglM0ElMjAxJTIyJTIwd2lkdGglM0QlMjI2NDAlMjIlMjBoZWlnaHQlM0QlMjI0ODAlMjIlMjBpZCUzRCUyMm1hcCUyMiUzRSUzQyUyRmlmcmFtZSUzRS0tJTNFJTBBJTNDZGl2JTIwaWQlM0QlMjJtYXAlMjIlMjBzdHlsZSUzRCUyN3dpZHRoJTNBMTAwdnclM0IlMjBoZWlnaHQlM0E1MHZoJTNCJTI3JTNFJTNDJTJGZGl2JTNF[\/vc_raw_html][\/vc_column][\/vc_row][vc_row fullwidth=\u00a0\u00bbtrue\u00a0\u00bb][vc_column][vc_column_text align=\u00a0\u00bbcenter\u00a0\u00bb css=\u00a0\u00bb.vc_custom_1551696775295{margin-bottom: 0px !important;}\u00a0\u00bb]\n<h2 style=\"text-transform: capitalize; letter-spacing: 10px; font-weight: 500; font-size: 22px;\">L&rsquo;\u00e9quipe<\/h2>\n[\/vc_column_text][\/vc_column][\/vc_row][vc_row fullwidth=\u00a0\u00bbtrue\u00a0\u00bb][vc_column][vc_separator color=\u00a0\u00bbcustom\u00a0\u00bb border_width=\u00a0\u00bb2&Prime; el_width=\u00a0\u00bb30&Prime; accent_color=\u00a0\u00bb#dd3333&Prime;][\/vc_column][\/vc_row][vc_row fullwidth=\u00a0\u00bbtrue\u00a0\u00bb][vc_column][vc_column_text align=\u00a0\u00bbcenter\u00a0\u00bb css=\u00a0\u00bb.vc_custom_1559117458481{margin-bottom: 0px !important;}\u00a0\u00bb]\n<p style=\"font-size: 15px;\">D\u00e9couvrez chaque membre de notre \u00e9quipe en cliquant sur sa photo pour d\u00e9couvrir son profil.<\/p>\n[\/vc_column_text][\/vc_column][\/vc_row][vc_row fullwidth=\u00a0\u00bbtrue\u00a0\u00bb][vc_column][mk_image_switch html=\u00a0\u00bb<img src=``qq.jpg`` usemap=``#image-map`` width=``1024`` height=``768``><\/p>\n<map name=``image-map``>\n<area target=``_self`` alt=``2`` title=``Tony Renard`` href=``#`` coords=``137,198,384,600`` shape=``rect``>\n<area target=``_self`` alt=``3`` title=``Ghislaine Renard`` href=``#`` coords=``621,600,389,200`` shape=``rect``>\n<area target=``_self`` alt=``1`` title=``Luc Renard`` href=``#`` coords=``868,598,627,201`` shape=``rect``>\n<\/map>\n<p>\u00a0\u00bb img0=\u00a0\u00bbhttps:\/\/a2architectes.fr\/wpa2\/wp-content\/uploads\/2023\/12\/equipe-ld.jpg\u00a0\u00bb area=\u00a0\u00bb3&Prime; img1=\u00a0\u00bbhttps:\/\/a2architectes.fr\/wpa2\/wp-content\/uploads\/2020\/03\/a2archis-portraits-ld-40.jpg\u00a0\u00bb title1=\u00a0\u00bbLuc Renard, Architecte associ\u00e9 unique et g\u00e9rant\u00a0\u00bb desc1=\u00a0\u00bbN\u00e9 le 8 d\u00e9cembre 1965 \u00e0 Paris, mari\u00e9, deux enfants.<br \/>\nInscrit au tableau de l&rsquo;ordre des Architectes de la r\u00e9gion Champagne-Ardenne (14\/09\/1992)<br \/>\nN\u00b0 038329 sur l&rsquo;ordre des architectes<\/p>\n<p>\u00c9dit\u00e9 par le Minist\u00e8re de l&rsquo;Equipement, du Logement, des Transports et de l&rsquo;Espace.<br \/>\nMa\u00eetre de conf\u00e9rence \u00e0 l&rsquo;Ecole d&rsquo;Architecture de Versailles, de 1998 \u00e0 2003.<br \/>\nArchitecte &#038; urbaniste consultant du P.N.R. des Causses du Quercy, de 1999 \u00e0 2001.<br \/>\nArchitecte &#038; urbaniste conseil du P.N.R. de la For\u00eat d&rsquo;Orient de 1993 \u00e0 1999.<br \/>\nArchitecte Dipl\u00f4m\u00e9 Par Le Gouvernement de l&rsquo;Ecole d&rsquo;Architecture de Versailles UP3 &#8211; juin 1992 \u2013 Journal Officiel de la R\u00e9publique Fran\u00e7aise du 23\/01\/1993.\u00a0\u00bb img2=\u00a0\u00bbhttps:\/\/a2architectes.fr\/wpa2\/wp-content\/uploads\/2020\/03\/a2archis-portraits-ld-13.jpg\u00a0\u00bb title2=\u00a0\u00bbTony Renard, Collaborateur d&rsquo;architecte, Dessinateur projeteur\u00a0\u00bb desc2=\u00a0\u00bb2017  Collaborateur d&rsquo;Architecte \u2013 A\u00b2 Architectes \u00e0 La Villeneuve-au-Ch\u00eane \u2013 Mise en place du BIM et de la r\u00e9alit\u00e9 virtuelle.<br \/>\n2017   Dessinateur projeteur &#8211; Sarl Strates Ouvrages d\u2019Art \u00e0 Lyon.<br \/>\n2015-2016  Licence Professionnelle G\u00e9nie Civil \u2013 Dessinateur Projeteur CAO\/DAO \u2013 Multim\u00e9dia dans le BTP au CFA ENSUP \u00e0 N\u00eemes.<br \/>\n2012-2015  BTS Agencement de l\u2019Environnement Architectural au Lyc\u00e9e Saint Joseph Groupe La Salle \u00e0 Troyes.<br \/>\n2010-2012  BAC STI G\u00e9nie civil au Lyc\u00e9e des Marcs d\u2019Or \u00e0 Dijon.\u00a0\u00bb img3=\u00a0\u00bbhttps:\/\/a2architectes.fr\/wpa2\/wp-content\/uploads\/2020\/03\/a2archis-portraits-ld-10.jpg\u00a0\u00bb title3=\u00a0\u00bbGhislaine Renard, Assistante de direction &#038; comptable\u00a0\u00bb desc3=\u00a0\u00bbN\u00e9e le 2 janvier 1965 \u00e0 Montreuil-sous-Bois.<\/p>\n<p>2002 Assistante de direction \u2013 A\u00b2 Architectes \u00e0 La Villeneuve-au-Ch\u00eane<br \/>\n1987-1998  Assistante Achat Marketing \u2013 Affr\u00e9teur Si\u00e8ge de la Soci\u00e9t\u00e9 Shell Chimie Rueil Malmaison<br \/>\n1986  Brevet de Technicien Sup\u00e9rieur Secr\u00e9tariat de Direction,   Lyc\u00e9e Racine \u00e0 Paris.\u00a0\u00bb][\/vc_column][\/vc_row][vc_row fullwidth=\u00a0\u00bbtrue\u00a0\u00bb css=\u00a0\u00bb.vc_custom_1547115182007{margin-top: 7px !important;}\u00a0\u00bb][vc_column][vc_column_text align=\u00a0\u00bbcenter\u00a0\u00bb css=\u00a0\u00bb.vc_custom_1551696797232{margin-bottom: 0px !important;}\u00a0\u00bb]\n<h2 style=\"text-transform: capitalize; letter-spacing: 10px; font-weight: 500; font-size: 22px;\">A la pointe de la technologie<\/h2>\n[\/vc_column_text][\/vc_column][\/vc_row][vc_row fullwidth=\u00a0\u00bbtrue\u00a0\u00bb][vc_column][vc_separator color=\u00a0\u00bbcustom\u00a0\u00bb border_width=\u00a0\u00bb2&Prime; el_width=\u00a0\u00bb30&Prime; accent_color=\u00a0\u00bb#dd3333&Prime;][\/vc_column][\/vc_row][vc_row fullwidth=\u00a0\u00bbtrue\u00a0\u00bb][vc_column][vc_column_text align=\u00a0\u00bbcenter\u00a0\u00bb css=\u00a0\u00bb.vc_custom_1551696808432{margin-bottom: 0px !important;}\u00a0\u00bb]\n<p style=\"font-size: 15px;\">En plus de notre exp\u00e9rience et notre passion du m\u00e9tier, nous vous offrons de vraies valeurs ajout\u00e9es en vous faisant b\u00e9n\u00e9ficier des derni\u00e8res innovations technologiques.<\/p>\n[\/vc_column_text][\/vc_column][\/vc_row][vc_row fullwidth=\u00a0\u00bbtrue\u00a0\u00bb css=\u00a0\u00bb.vc_custom_1546611059893{margin-top: 20px !important;}\u00a0\u00bb][vc_column][vc_column_text align=\u00a0\u00bbcenter\u00a0\u00bb css=\u00a0\u00bb.vc_custom_1546588470546{margin-bottom: 0px !important;}\u00a0\u00bb]\n<h3 style=\"font-weight: 500; font-size: 18px; color: #dd3333;\">BIM: Building Information Modeling<\/h3>\n[\/vc_column_text][\/vc_column][\/vc_row][vc_row fullwidth=\u00a0\u00bbtrue\u00a0\u00bb equal_columns=\u00a0\u00bbtrue\u00a0\u00bb attached=\u00a0\u00bbtrue\u00a0\u00bb css=\u00a0\u00bb.vc_custom_1546589439720{margin-top: 20px !important;}\u00a0\u00bb][vc_column border_color=\u00a0\u00bb#dd3333&Prime; width=\u00a0\u00bb1\/2&Prime; css=\u00a0\u00bb.vc_custom_1546589463767{border-top-width: 1px !important;border-bottom-width: 1px !important;}\u00a0\u00bb el_class=\u00a0\u00bba\u00a0\u00bb][vc_single_image image=\u00a0\u00bb935&Prime; img_size=\u00a0\u00bb\u00a0\u00bb alignment=\u00a0\u00bbcenter\u00a0\u00bb el_class=\u00a0\u00bbb\u00a0\u00bb css=\u00a0\u00bb.vc_custom_1555336177951{padding-top: 35px !important;padding-right: 35px !important;padding-bottom: 35px !important;padding-left: 35px !important;}\u00a0\u00bb][\/vc_column][vc_column width=\u00a0\u00bb1\/2&Prime; css=\u00a0\u00bb.vc_custom_1552041345992{padding-top: 35px !important;padding-right: 35px !important;padding-bottom: 15px !important;padding-left: 35px !important;background-color: #dd3333 !important;}\u00a0\u00bb el_class=\u00a0\u00bbhf\u00a0\u00bb][vc_column_text css=\u00a0\u00bb.vc_custom_1574868235440{margin-bottom: 0px !important;}\u00a0\u00bb]\n<p style=\"color: white; font-size: 12px;\">Le BIM r\u00e9volutionne la fa\u00e7on dont les b\u00e2timents, les infrastructures et les r\u00e9seaux techniques sont planifi\u00e9s, con\u00e7us, cr\u00e9\u00e9s et g\u00e9r\u00e9s<\/p>\n<p style=\"color: white; font-size: 12px;\">Il s&rsquo;agit d&rsquo;une maquette num\u00e9rique \u00ab\u00a0intelligente\u00a0\u00bb dans le sens o\u00f9 elle est compos\u00e9e d&rsquo;\u00e9l\u00e9ments qui interagissent entre eux. Si par exemple un mur est d\u00e9plac\u00e9, alors tous les \u00e9l\u00e9ments qui sont li\u00e9s \u00e0 ce mur (fen\u00eatres, portes, dalles, etc) seront d\u00e9plac\u00e9s \u00e9galement. Comme il s&rsquo;agit d&rsquo;un seul mod\u00e8le, les coupes et les vues sont toujours mises \u00e0 jour automatiquement lors de modifications, \u00e9vitant ainsi les erreurs.<\/p>\n<p style=\"color: white; font-size: 12px;\">Les \u00e9l\u00e9ments du mod\u00e8le contiennent des informations (g\u00e9om\u00e9trie, mat\u00e9riaux, apparence, co\u00fbt, qualit\u00e9s \u00e9nerg\u00e9tiques, etc.) qui rendent possible les analyses et les simulations. Le calcul automatique des quantit\u00e9s, des co\u00fbts de construction et la planification peuvent se faire en temps r\u00e9el et sont toujours \u00e0 jour avec le mod\u00e8le param\u00e9trique 3D.<\/p>\n[\/vc_column_text][\/vc_column][\/vc_row][vc_row fullwidth=\u00a0\u00bbtrue\u00a0\u00bb css=\u00a0\u00bb.vc_custom_1550671257284{margin-top: 50px !important;}\u00a0\u00bb][vc_column][vc_column_text align=\u00a0\u00bbcenter\u00a0\u00bb css=\u00a0\u00bb.vc_custom_1546589589516{margin-bottom: 0px !important;}\u00a0\u00bb]\n<h3 style=\"font-weight: 500; font-size: 18px; color: #dd3333;\">Rendu 3D &amp; r\u00e9alit\u00e9 virtuelle<\/h3>\n[\/vc_column_text][\/vc_column][\/vc_row][vc_row fullwidth=\u00a0\u00bbtrue\u00a0\u00bb equal_columns=\u00a0\u00bbtrue\u00a0\u00bb attached=\u00a0\u00bbtrue\u00a0\u00bb el_class=\u00a0\u00bbab\u00a0\u00bb css=\u00a0\u00bb.vc_custom_1703079708897{margin-top: 38px !important;}\u00a0\u00bb][vc_column border_color=\u00a0\u00bbrgba(79,79,79,0)\u00a0\u00bb width=\u00a0\u00bb1\/2&Prime; css=\u00a0\u00bb.vc_custom_1551864152000{background-color: #f7f7f7 !important;}\u00a0\u00bb el_class=\u00a0\u00bbaa\u00a0\u00bb][vc_column_text css=\u00a0\u00bb.vc_custom_1559117552180{margin-right: 50px !important;margin-bottom: 0px !important;margin-left: 50px !important;}\u00a0\u00bb]\n<p style=\"color: black; font-size: 12px;\">Visitez ce dont vous avez r\u00eav\u00e9 directement dans nos bureaux, d\u00e8s la r\u00e9alisation des plans !<\/p>\n<p style=\"color: black; font-size: 12px;\">Les rendus 3D vous permettent de&nbsp; visualiser de fa\u00e7on r\u00e9aliste votre projet et ainsi avoir une id\u00e9e claire du rendu final. De plus nous vous proposons&nbsp; de vous immerger totalement dans un environnement fid\u00e8le \u00e0 ce qui sera r\u00e9alis\u00e9 gr\u00e2ce \u00e0 la technologie de la r\u00e9alit\u00e9 virtuelle.<\/p>\n<p style=\"color: black; font-size: 12px;\">La r\u00e9alit\u00e9 virtuelle consiste, \u00e0 travers des lunettes sp\u00e9ciales, \u00e0 changer compl\u00e8tement votre environnement pour vous plonger dans un nouveau monde totalement in\u00e9dit. Nous nous approprions cette technologie au sein de notre cabinet afin que vous puissiez prendre part au projet de mani\u00e8re plus immersive que les rendus 3D.<\/p>\n[\/vc_column_text][\/vc_column][vc_column width=\u00a0\u00bb1\/2&Prime;][vc_video link=\u00a0\u00bbhttps:\/\/youtu.be\/QTMJq3uhoYU?si=Qpw_xIyOIWIr5V07&Prime;][\/vc_column][\/vc_row]\n","protected":false},"excerpt":{"rendered":"<p>[vc_row fullwidth=\u00a0\u00bbtrue\u00a0\u00bb el_class=\u00a0\u00bbmap\u00a0\u00bb][vc_column][vc_raw_html]JTNDJTIxLS0lM0NkaXYlMjBzdHlsZSUzRCUyMnBvc2l0aW9uJTNBJTIwYWJzb2x1dGUlM0IlMjB0b3AlM0ElMjAwcHglM0IlMjBsZWZ0JTNBJTIwMHB4JTNCJTIwaGVpZ2h0JTNBJTIwNDgwcHglM0IlMjB3aWR0aCUzQSUyMDEwMHZ3JTNCJTIwei1pbmRleCUzQSUyMC0xJTIyJTIwaWQlM0QlMjJtYXBDb250cm9sbGVyJTIyJTNFJTBBJTNDcCUzRVJlc3RleiUyMGFwcHV5JUMzJUE5JTIwc3VyJTIwQ3RybCUyMHBvdXIlMjBpbnQlQzMlQTlyYWdpciUyMGF2ZWMlMjBsYSUyMGNhcnRlJTNDJTJGcCUzRSUwQSUzQyUyRmRpdiUzRSUwQSUzQ2lmcmFtZSUyMGlkJTNEJTIybWFwJTIyJTIwc3JjJTNEJTIyaHR0cHMlM0ElMkYlMkZ3d3cuZ29vZ2xlLmNvbSUyRm1hcHMlMkZkJTJGZW1iZWQlM0ZtaWQlM0QxTmJDYjdfZUFNZmMwbmx1bUktUl9YNUdMeVdCSlh1VTMlMjIlMjBzdHlsZSUzRCUyMnotaW5kZXglM0ElMjAxJTIyJTIwd2lkdGglM0QlMjI2NDAlMjIlMjBoZWlnaHQlM0QlMjI0ODAlMjIlMjBpZCUzRCUyMm1hcCUyMiUzRSUzQyUyRmlmcmFtZSUzRS0tJTNFJTBBJTNDZGl2JTIwaWQlM0QlMjJtYXAlMjIlMjBzdHlsZSUzRCUyN3dpZHRoJTNBMTAwdnclM0IlMjBoZWlnaHQlM0E1MHZoJTNCJTI3JTNFJTNDJTJGZGl2JTNF[\/vc_raw_html][\/vc_column][\/vc_row][vc_row fullwidth=\u00a0\u00bbtrue\u00a0\u00bb][vc_column][vc_column_text align=\u00a0\u00bbcenter\u00a0\u00bb css=\u00a0\u00bb.vc_custom_1551696775295{margin-bottom: 0px !important;}\u00a0\u00bb] L&rsquo;\u00e9quipe [\/vc_column_text][\/vc_column][\/vc_row][vc_row fullwidth=\u00a0\u00bbtrue\u00a0\u00bb][vc_column][vc_separator color=\u00a0\u00bbcustom\u00a0\u00bb border_width=\u00a0\u00bb2&Prime; el_width=\u00a0\u00bb30&Prime; accent_color=\u00a0\u00bb#dd3333&Prime;][\/vc_column][\/vc_row][vc_row fullwidth=\u00a0\u00bbtrue\u00a0\u00bb][vc_column][vc_column_text align=\u00a0\u00bbcenter\u00a0\u00bb css=\u00a0\u00bb.vc_custom_1559117458481{margin-bottom: 0px !important;}\u00a0\u00bb] D\u00e9couvrez chaque membre de notre \u00e9quipe en cliquant sur sa photo pour d\u00e9couvrir son profil. [\/vc_column_text][\/vc_column][\/vc_row][vc_row fullwidth=\u00a0\u00bbtrue\u00a0\u00bb][vc_column][mk_image_switch html=\u00a0\u00bb \u00a0\u00bb img0=\u00a0\u00bbhttps:\/\/a2architectes.fr\/wpa2\/wp-content\/uploads\/2023\/12\/equipe-ld.jpg\u00a0\u00bb area=\u00a0\u00bb3&Prime; img1=\u00a0\u00bbhttps:\/\/a2architectes.fr\/wpa2\/wp-content\/uploads\/2020\/03\/a2archis-portraits-ld-40.jpg\u00a0\u00bb title1=\u00a0\u00bbLuc Renard, Architecte associ\u00e9 unique et g\u00e9rant\u00a0\u00bb desc1=\u00a0\u00bbN\u00e9 le 8 d\u00e9cembre 1965 \u00e0 [&hellip;]<\/p>\n","protected":false},"author":1,"featured_media":0,"parent":0,"menu_order":0,"comment_status":"closed","ping_status":"closed","template":"","meta":{"footnotes":""},"acf":[],"_links":{"self":[{"href":"https:\/\/a2architectes.fr\/index.php\/wp-json\/wp\/v2\/pages\/16"}],"collection":[{"href":"https:\/\/a2architectes.fr\/index.php\/wp-json\/wp\/v2\/pages"}],"about":[{"href":"https:\/\/a2architectes.fr\/index.php\/wp-json\/wp\/v2\/types\/page"}],"author":[{"embeddable":true,"href":"https:\/\/a2architectes.fr\/index.php\/wp-json\/wp\/v2\/users\/1"}],"replies":[{"embeddable":true,"href":"https:\/\/a2architectes.fr\/index.php\/wp-json\/wp\/v2\/comments?post=16"}],"version-history":[{"count":250,"href":"https:\/\/a2architectes.fr\/index.php\/wp-json\/wp\/v2\/pages\/16\/revisions"}],"predecessor-version":[{"id":1597,"href":"https:\/\/a2architectes.fr\/index.php\/wp-json\/wp\/v2\/pages\/16\/revisions\/1597"}],"wp:attachment":[{"href":"https:\/\/a2architectes.fr\/index.php\/wp-json\/wp\/v2\/media?parent=16"}],"curies":[{"name":"wp","href":"https:\/\/api.w.org\/{rel}","templated":true}]}}